{"id":4459,"date":"2019-10-22T16:26:44","date_gmt":"2019-10-22T16:26:44","guid":{"rendered":"https:\/\/cannespaysdelerins.fr\/?page_id=4459"},"modified":"2024-05-27T13:15:33","modified_gmt":"2024-05-27T13:15:33","slug":"compagnon-mobilite","status":"publish","type":"page","link":"https:\/\/cannespaysdelerins.fr\/index.php\/compagnon-mobilite\/","title":{"rendered":"Compagnon mobilit\u00e9"},"content":{"rendered":"<p>[et_pb_section fb_built=&#8221;1&#8243; custom_padding_last_edited=&#8221;off|phone&#8221; disabled_on=&#8221;off|off|off&#8221; admin_label=&#8221;Header image&#8221; _builder_version=&#8221;4.16&#8243; background_image=&#8221;https:\/\/cannespaysdelerins.fr\/wp-content\/uploads\/2019\/10\/vis-compagnon-mobilite.jpg&#8221; parallax=&#8221;on&#8221; z_index=&#8221;0&#8243; min_height=&#8221;700px&#8221; min_height_tablet=&#8221;&#8221; min_height_phone=&#8221;500px&#8221; min_height_last_edited=&#8221;on|desktop&#8221; custom_margin=&#8221;||||false|false&#8221; custom_margin_last_edited=&#8221;off|desktop&#8221; custom_padding=&#8221;||||false|false&#8221; custom_padding_phone=&#8221;||||true|false&#8221; animation_style=&#8221;fade&#8221; collapsed=&#8221;on&#8221; global_colors_info=&#8221;{}&#8221;][et_pb_row disabled_on=&#8221;off|off|off&#8221; admin_label=&#8221;Accroche DESKTOP&#8221; _builder_version=&#8221;4.16&#8243; background_color=&#8221;rgba(0,0,0,0)&#8221; custom_margin=&#8221;||||false|false&#8221; global_colors_info=&#8221;{}&#8221;][et_pb_column type=&#8221;4_4&#8243; _builder_version=&#8221;4.16&#8243; global_colors_info=&#8221;{}&#8221;][et_pb_text _builder_version=&#8221;4.16&#8243; header_font=&#8221;Open Light||||||||&#8221; header_text_align=&#8221;center&#8221; header_text_color=&#8221;#ffffff&#8221; header_font_size=&#8221;40px&#8221; header_letter_spacing=&#8221;1.5px&#8221; header_line_height=&#8221;1.6em&#8221; background_color=&#8221;rgba(22,56,81,0.64)&#8221; max_width=&#8221;450px&#8221; max_width_tablet=&#8221;&#8221; max_width_phone=&#8221;250px&#8221; max_width_last_edited=&#8221;on|phone&#8221; module_alignment=&#8221;center&#8221; custom_margin=&#8221;50px||||false|false&#8221; custom_margin_tablet=&#8221;&#8221; custom_margin_phone=&#8221;0px||||false|false&#8221; custom_margin_last_edited=&#8221;on|phone&#8221; custom_padding=&#8221;30px||30px||true|false&#8221; animation_style=&#8221;fade&#8221; animation_duration=&#8221;2000ms&#8221; header_font_size_tablet=&#8221;&#8221; header_font_size_phone=&#8221;25px&#8221; header_font_size_last_edited=&#8221;on|phone&#8221; header_line_height_tablet=&#8221;&#8221; header_line_height_phone=&#8221;1.6em&#8221; header_line_height_last_edited=&#8221;on|phone&#8221; border_radii=&#8221;on|6px|6px|6px|6px&#8221; global_colors_info=&#8221;{}&#8221;]<\/p>\n<h1 style=\"text-align: center;\">Compagnon mobilit\u00e9<\/h1>\n<p>[\/et_pb_text][\/et_pb_column][\/et_pb_row][\/et_pb_section][et_pb_section fb_built=&#8221;1&#8243; _builder_version=&#8221;4.16&#8243; background_image=&#8221;https:\/\/cannespaysdelerins.fr\/wp-content\/uploads\/2019\/10\/frise-communes1200.png&#8221; background_size=&#8221;initial&#8221; custom_margin=&#8221;||||false|false&#8221; custom_padding=&#8221;||||false|false&#8221; global_colors_info=&#8221;{}&#8221;][et_pb_row use_custom_gutter=&#8221;on&#8221; admin_label=&#8221;paragraphe&#8221; _builder_version=&#8221;4.16&#8243; max_width=&#8221;900px&#8221; animation_style=&#8221;fade&#8221; global_colors_info=&#8221;{}&#8221;][et_pb_column type=&#8221;4_4&#8243; _builder_version=&#8221;4.16&#8243; global_colors_info=&#8221;{}&#8221;][et_pb_text _builder_version=&#8221;4.16&#8243; header_font=&#8221;Open regular||||||||&#8221; header_text_align=&#8221;left&#8221; header_text_color=&#8221;#666666&#8243; header_font_size=&#8221;25px&#8221; header_line_height=&#8221;1.4em&#8221; background_enable_color=&#8221;off&#8221; custom_margin=&#8221;||||false|false&#8221; custom_padding=&#8221;||||false|false&#8221; global_colors_info=&#8221;{}&#8221;]<\/p>\n<h1 style=\"text-align: left;\">Compagnon mobilit\u00e9<\/h1>\n<p>[\/et_pb_text][et_pb_text _builder_version=&#8221;4.16&#8243; global_colors_info=&#8221;{}&#8221;]<\/p>\n<p>Avec le principe du \u00ab\u00a0Compagnon Mobilit\u00e9\u00a0\u00bb, le P\u00f4le CAP AZUR met en place un dispositif simple et pratique \u00e0 destination des citoyens, en int\u00e9grant toutes les donn\u00e9es de d\u00e9placements sur l\u2019Ouest 06 aux applications des r\u00e9seaux de transport d\u00e9j\u00e0 existantes, que sont PALM BUS, SILLAGES et ENVIBUS. Cette solution digitalis\u00e9e r\u00e9invente l\u2019acc\u00e8s aux transports et invite au changement de comportement, en proposant un panel de solutions de d\u00e9placements aux usagers en temps r\u00e9el.<\/p>\n<p>[\/et_pb_text][et_pb_video src=&#8221;https:\/\/cannespaysdelerins.fr\/videos\/compagnonmobiliteCAPAZUR.mp4&#8243; src_webm=&#8221;https:\/\/cannespaysdelerins.fr\/videos\/compagnonmobiliteCAPAZUR.mp4&#8243; image_src=&#8221;https:\/\/cannespaysdelerins.fr\/wp-content\/uploads\/2020\/04\/couv-video-compagnon-mobilite.jpg&#8221; _builder_version=&#8221;4.16&#8243; border_radii=&#8221;on|10px|10px|10px|10px&#8221; global_colors_info=&#8221;{}&#8221;][\/et_pb_video][\/et_pb_column][\/et_pb_row][et_pb_row column_structure=&#8221;1_2,1_2&#8243; use_custom_gutter=&#8221;on&#8221; admin_label=&#8221;paragraphe&#8221; _builder_version=&#8221;4.16&#8243; max_width=&#8221;900px&#8221; animation_style=&#8221;fade&#8221; global_colors_info=&#8221;{}&#8221;][et_pb_column type=&#8221;1_2&#8243; _builder_version=&#8221;4.16&#8243; global_colors_info=&#8221;{}&#8221;][et_pb_text _builder_version=&#8221;4.16&#8243; global_colors_info=&#8221;{}&#8221;]<\/p>\n<p><strong>Les + du COMPAGNON MOBILITE<\/strong><\/p>\n<p>\u25ba Une carte est \u00e0 votre disposition vous permettant de suivre votre parcours. Il n\u2019y a plus de fronti\u00e8res entre les bassins de vie,<\/p>\n<p>\u25ba L\u2019application regroupe les donn\u00e9es des 3 r\u00e9seaux de bus, ainsi que celles de la SNCF,<\/p>\n<p>\u25ba A tout moment, vous pouvez acc\u00e9der aux infos trafic, conna\u00eetre les retards \u00e9ventuels, les travaux, les nouveaut\u00e9s, et ceci, pour l\u2019ensemble de vos moyens de d\u00e9placements,<\/p>\n<p>\u25ba L\u2019application vous g\u00e9olocalise : en s\u00e9lectionnant l\u2019onglet \u00ab Autour de moi \u00bb, vous pouvez visualiser sur une carte et dans une liste, les arr\u00eats de bus, gares ou aires de covoiturage les plus proches de vous ainsi que l\u2019ensemble des lignes desservant les arr\u00eats de bus list\u00e9s,<\/p>\n<p>\u25ba En s\u00e9lectionnant l\u2019onglet \u00ab Lignes \u00bb, vous acc\u00e9dez \u00e0 la liste de toutes les lignes de bus des 3 r\u00e9seaux, ainsi qu\u2019au d\u00e9tail de tous les arr\u00eats ponctuant ces lignes et les horaires de bus qui les desservent.<\/p>\n<p>[\/et_pb_text][\/et_pb_column][et_pb_column type=&#8221;1_2&#8243; _builder_version=&#8221;4.16&#8243; global_colors_info=&#8221;{}&#8221;][et_pb_image src=&#8221;https:\/\/cannespaysdelerins.fr\/wp-content\/uploads\/2019\/10\/ima-compagnon-mobilite.jpg&#8221; _builder_version=&#8221;4.16&#8243; animation_style=&#8221;slide&#8221; animation_direction=&#8221;right&#8221; global_colors_info=&#8221;{}&#8221;][\/et_pb_image][\/et_pb_column][\/et_pb_row][et_pb_row column_structure=&#8221;1_3,1_3,1_3&#8243; use_custom_gutter=&#8221;on&#8221; admin_label=&#8221;paragraphe&#8221; _builder_version=&#8221;4.16&#8243; max_width=&#8221;900px&#8221; custom_margin=&#8221;||||false|false&#8221; animation_style=&#8221;fade&#8221; global_colors_info=&#8221;{}&#8221;][et_pb_column type=&#8221;1_3&#8243; _builder_version=&#8221;4.16&#8243; background_color=&#8221;#e4d9d9&#8243; custom_padding=&#8221;30px|30px|30px|30px|true|true&#8221; animation_style=&#8221;slide&#8221; animation_direction=&#8221;left&#8221; border_radii=&#8221;on|10px|10px|10px|10px&#8221; global_colors_info=&#8221;{}&#8221;][et_pb_image src=&#8221;https:\/\/cannespaysdelerins.fr\/wp-content\/uploads\/2019\/10\/logo-mobilite-envibus.png&#8221; _builder_version=&#8221;4.16&#8243; global_colors_info=&#8221;{}&#8221;][\/et_pb_image][et_pb_text _builder_version=&#8221;4.16&#8243; text_font_size=&#8221;11px&#8221; header_font=&#8221;Open Light||||||||&#8221; header_text_align=&#8221;left&#8221; header_font_size=&#8221;25px&#8221; header_line_height=&#8221;1.4em&#8221; background_enable_color=&#8221;off&#8221; custom_padding=&#8221;||||false|false&#8221; global_colors_info=&#8221;{}&#8221;]<\/p>\n<p style=\"text-align: left;\">Le r\u00e9seau des transports publics de la Communaut\u00e9 d&#8217;Agglom\u00e9ration Sophia Antipolis\u00a0<\/p>\n<p>[\/et_pb_text][et_pb_text _builder_version=&#8221;4.16&#8243; header_font=&#8221;Open Light||||||||&#8221; header_text_align=&#8221;left&#8221; header_font_size=&#8221;25px&#8221; header_line_height=&#8221;1.4em&#8221; background_enable_color=&#8221;off&#8221; custom_margin=&#8221;20px||20px||false|false&#8221; custom_padding=&#8221;||||false|false&#8221; global_colors_info=&#8221;{}&#8221;]<\/p>\n<p><a href=\"https:\/\/play.google.com\/store\/apps\/details?id=com.dklik.mobile.envibus&amp;hl=fr\" target=\"_blank\" rel=\"noopener noreferrer\"><img loading=\"lazy\" decoding=\"async\" class=\"aligncenter wp-image-4449 size-full\" src=\"https:\/\/cannespaysdelerins.fr\/wp-content\/uploads\/2019\/10\/ico-googleplay150.png\" alt=\"\" width=\"150\" height=\"45\" \/><\/a><\/p>\n<p>[\/et_pb_text][et_pb_text _builder_version=&#8221;4.16&#8243; header_font=&#8221;Open Light||||||||&#8221; header_text_align=&#8221;left&#8221; header_font_size=&#8221;25px&#8221; header_line_height=&#8221;1.4em&#8221; background_enable_color=&#8221;off&#8221; custom_margin=&#8221;20px||||false|false&#8221; custom_padding=&#8221;||||false|false&#8221; global_colors_info=&#8221;{}&#8221;]<\/p>\n<p><a href=\"https:\/\/apps.apple.com\/fr\/app\/envibus\/id1139251228\" target=\"_blank\" rel=\"noopener noreferrer\"><img loading=\"lazy\" decoding=\"async\" class=\"aligncenter wp-image-4448 size-full\" src=\"https:\/\/cannespaysdelerins.fr\/wp-content\/uploads\/2019\/10\/ico-applestore150.png\" alt=\"\" width=\"150\" height=\"45\" \/><\/a><\/p>\n<p>[\/et_pb_text][\/et_pb_column][et_pb_column type=&#8221;1_3&#8243; _builder_version=&#8221;4.16&#8243; background_color=&#8221;#e4d9d9&#8243; custom_padding=&#8221;30px|30px|30px|30px|true|true&#8221; animation_style=&#8221;slide&#8221; animation_direction=&#8221;bottom&#8221; border_radii=&#8221;on|10px|10px|10px|10px&#8221; global_colors_info=&#8221;{}&#8221;][et_pb_image src=&#8221;https:\/\/cannespaysdelerins.fr\/wp-content\/uploads\/2019\/10\/logo-mobilite-palmbus.png&#8221; _builder_version=&#8221;4.16&#8243; global_colors_info=&#8221;{}&#8221;][\/et_pb_image][et_pb_text _builder_version=&#8221;4.16&#8243; text_font_size=&#8221;11px&#8221; header_font=&#8221;Open Light||||||||&#8221; header_text_align=&#8221;left&#8221; header_font_size=&#8221;25px&#8221; header_line_height=&#8221;1.4em&#8221; background_enable_color=&#8221;off&#8221; custom_padding=&#8221;||||false|false&#8221; global_colors_info=&#8221;{}&#8221;]<\/p>\n<p style=\"text-align: left;\">Le r\u00e9seau des transports publics de l\u2019Agglom\u00e9ration Cannes L\u00e9rins<\/p>\n<p>[\/et_pb_text][et_pb_text _builder_version=&#8221;4.16&#8243; header_font=&#8221;Open Light||||||||&#8221; header_text_align=&#8221;left&#8221; header_font_size=&#8221;25px&#8221; header_line_height=&#8221;1.4em&#8221; background_enable_color=&#8221;off&#8221; custom_margin=&#8221;20px||20px||false|false&#8221; custom_padding=&#8221;||||false|false&#8221; global_colors_info=&#8221;{}&#8221;]<\/p>\n<p><a href=\"https:\/\/play.google.com\/store\/apps\/details?id=com.is.android.cannes&amp;hl=fr\" target=\"_blank\" rel=\"noopener noreferrer\"><img loading=\"lazy\" decoding=\"async\" class=\"aligncenter wp-image-4449 size-full\" src=\"https:\/\/cannespaysdelerins.fr\/wp-content\/uploads\/2019\/10\/ico-googleplay150.png\" alt=\"\" width=\"150\" height=\"45\" \/><\/a><\/p>\n<p>[\/et_pb_text][et_pb_text _builder_version=&#8221;4.16&#8243; header_font=&#8221;Open Light||||||||&#8221; header_text_align=&#8221;left&#8221; header_font_size=&#8221;25px&#8221; header_line_height=&#8221;1.4em&#8221; background_enable_color=&#8221;off&#8221; custom_margin=&#8221;20px||||false|false&#8221; custom_padding=&#8221;||||false|false&#8221; global_colors_info=&#8221;{}&#8221;]<\/p>\n<p><a href=\"https:\/\/apps.apple.com\/fr\/app\/palm-bus-cap-azur\/id1133998027\" target=\"_blank\" rel=\"noopener noreferrer\"><img loading=\"lazy\" decoding=\"async\" class=\"aligncenter wp-image-4448 size-full\" src=\"https:\/\/cannespaysdelerins.fr\/wp-content\/uploads\/2019\/10\/ico-applestore150.png\" alt=\"\" width=\"150\" height=\"45\" \/><\/a><\/p>\n<p>[\/et_pb_text][\/et_pb_column][et_pb_column type=&#8221;1_3&#8243; _builder_version=&#8221;4.16&#8243; background_color=&#8221;#e4d9d9&#8243; custom_padding=&#8221;30px|30px|30px|30px|true|true&#8221; animation_style=&#8221;slide&#8221; animation_direction=&#8221;right&#8221; border_radii=&#8221;on|10px|10px|10px|10px&#8221; global_colors_info=&#8221;{}&#8221;][et_pb_image src=&#8221;https:\/\/cannespaysdelerins.fr\/wp-content\/uploads\/2019\/10\/logo-mobilite-sillages.png&#8221; _builder_version=&#8221;4.16&#8243; global_colors_info=&#8221;{}&#8221;][\/et_pb_image][et_pb_text _builder_version=&#8221;4.16&#8243; text_font_size=&#8221;11px&#8221; header_font=&#8221;Open Light||||||||&#8221; header_text_align=&#8221;left&#8221; header_font_size=&#8221;25px&#8221; header_line_height=&#8221;1.4em&#8221; background_enable_color=&#8221;off&#8221; custom_padding=&#8221;||||false|false&#8221; global_colors_info=&#8221;{}&#8221;]<\/p>\n<p style=\"text-align: left;\">Le r\u00e9seau des transports publics de la Communaut\u00e9 d\u2019Agglom\u00e9ration du Pays de Grasse\u00a0<\/p>\n<p>[\/et_pb_text][et_pb_text _builder_version=&#8221;4.16&#8243; header_font=&#8221;Open Light||||||||&#8221; header_text_align=&#8221;left&#8221; header_font_size=&#8221;25px&#8221; header_line_height=&#8221;1.4em&#8221; background_enable_color=&#8221;off&#8221; custom_margin=&#8221;20px||20px||false|false&#8221; custom_padding=&#8221;||||false|false&#8221; global_colors_info=&#8221;{}&#8221;]<\/p>\n<p><a href=\"https:\/\/play.google.com\/store\/apps\/details?id=fr.paysdegrasse.sillages&amp;hl=fr\" target=\"_blank\" rel=\"noopener noreferrer\"><img loading=\"lazy\" decoding=\"async\" class=\"aligncenter wp-image-4449 size-full\" src=\"https:\/\/cannespaysdelerins.fr\/wp-content\/uploads\/2019\/10\/ico-googleplay150.png\" alt=\"\" width=\"150\" height=\"45\" \/><\/a><\/p>\n<p>[\/et_pb_text][et_pb_text _builder_version=&#8221;4.16&#8243; header_font=&#8221;Open Light||||||||&#8221; header_text_align=&#8221;left&#8221; header_font_size=&#8221;25px&#8221; header_line_height=&#8221;1.4em&#8221; background_enable_color=&#8221;off&#8221; custom_margin=&#8221;20px||||false|false&#8221; custom_padding=&#8221;||||false|false&#8221; global_colors_info=&#8221;{}&#8221;]<\/p>\n<p><a href=\"https:\/\/apps.apple.com\/fr\/app\/sillages-cap-azur\/id1444470703\" target=\"_blank\" rel=\"noopener noreferrer\"><img loading=\"lazy\" decoding=\"async\" class=\"aligncenter wp-image-4448 size-full\" src=\"https:\/\/cannespaysdelerins.fr\/wp-content\/uploads\/2019\/10\/ico-applestore150.png\" alt=\"\" width=\"150\" height=\"45\" \/><\/a><\/p>\n<p>[\/et_pb_text][\/et_pb_column][\/et_pb_row][\/et_pb_section]<\/p>\n","protected":false},"excerpt":{"rendered":"<p>Avec le principe du \u00ab Compagnon Mobilit\u00e9 \u00bb, le P\u00f4le CAP AZUR met en place un dispositif simple et pratique \u00e0 destination des citoyens, en int\u00e9grant toutes les donn\u00e9es de d\u00e9placements sur l\u2019Ouest 06 aux applications des r\u00e9seaux de transport d\u00e9j\u00e0 existantes, que sont PALM BUS, SILLAGES et ENVIBUS.<\/p>\n","protected":false},"author":8,"featured_media":6732,"parent":0,"menu_order":0,"comment_status":"closed","ping_status":"closed","template":"","meta":{"_et_pb_use_builder":"on","_et_pb_old_content":"","_et_gb_content_width":"","footnotes":""},"class_list":["post-4459","page","type-page","status-publish","has-post-thumbnail","hentry"],"_links":{"self":[{"href":"https:\/\/cannespaysdelerins.fr\/index.php\/wp-json\/wp\/v2\/pages\/4459","targetHints":{"allow":["GET"]}}],"collection":[{"href":"https:\/\/cannespaysdelerins.fr\/index.php\/wp-json\/wp\/v2\/pages"}],"about":[{"href":"https:\/\/cannespaysdelerins.fr\/index.php\/wp-json\/wp\/v2\/types\/page"}],"author":[{"embeddable":true,"href":"https:\/\/cannespaysdelerins.fr\/index.php\/wp-json\/wp\/v2\/users\/8"}],"replies":[{"embeddable":true,"href":"https:\/\/cannespaysdelerins.fr\/index.php\/wp-json\/wp\/v2\/comments?post=4459"}],"version-history":[{"count":39,"href":"https:\/\/cannespaysdelerins.fr\/index.php\/wp-json\/wp\/v2\/pages\/4459\/revisions"}],"predecessor-version":[{"id":17536,"href":"https:\/\/cannespaysdelerins.fr\/index.php\/wp-json\/wp\/v2\/pages\/4459\/revisions\/17536"}],"wp:featuredmedia":[{"embeddable":true,"href":"https:\/\/cannespaysdelerins.fr\/index.php\/wp-json\/wp\/v2\/media\/6732"}],"wp:attachment":[{"href":"https:\/\/cannespaysdelerins.fr\/index.php\/wp-json\/wp\/v2\/media?parent=4459"}],"curies":[{"name":"wp","href":"https:\/\/api.w.org\/{rel}","templated":true}]}}